{"id":1668,"date":"2025-07-17T09:53:56","date_gmt":"2025-07-17T06:53:56","guid":{"rendered":"https:\/\/noavillas.fi\/datenschutzrichtlinie\/"},"modified":"2025-09-29T18:49:21","modified_gmt":"2025-09-29T15:49:21","slug":"datenschutzrichtlinie","status":"publish","type":"page","link":"https:\/\/noavillas.fi\/de\/datenschutzrichtlinie\/","title":{"rendered":"Datenschutz"},"content":{"rendered":"\t\t<div data-elementor-type=\"wp-page\" data-elementor-id=\"1668\" class=\"elementor elementor-1668 elementor-3\" data-elementor-post-type=\"page\">\n\t\t\t\t<div class=\"elementor-element elementor-element-4da5a768 e-flex e-con-boxed e-con e-parent\" data-id=\"4da5a768\" data-element_type=\"container\">\n\t\t\t\t\t<div class=\"e-con-inner\">\n\t\t<div class=\"elementor-element elementor-element-4dd24d05 e-con-full e-flex e-con e-child\" data-id=\"4dd24d05\" data-element_type=\"container\">\n\t\t<div class=\"elementor-element elementor-element-16a40042 e-con-full e-flex e-con e-child\" data-id=\"16a40042\" data-element_type=\"container\">\n\t\t\t\t<div class=\"elementor-element elementor-element-437c0d9b elementor-widget elementor-widget-heading\" data-id=\"437c0d9b\" data-element_type=\"widget\" data-widget_type=\"heading.default\">\n\t\t\t\t\t<h2 class=\"elementor-heading-title elementor-size-default\"><span><span style=\"opacity: 0.5\">Datenschutz<\/span><\/span>\n<\/h2>\t\t\t\t<\/div>\n\t\t\t\t<\/div>\n\t\t<div class=\"elementor-element elementor-element-1cc873 e-con-full e-flex e-con e-child\" data-id=\"1cc873\" data-element_type=\"container\">\n\t\t\t\t<\/div>\n\t\t\t\t<\/div>\n\t\t\t\t\t<\/div>\n\t\t\t\t<\/div>\n\t\t<div class=\"elementor-element elementor-element-3b338372 e-flex e-con-boxed e-con e-parent\" data-id=\"3b338372\" data-element_type=\"container\">\n\t\t\t\t\t<div class=\"e-con-inner\">\n\t\t<div class=\"elementor-element elementor-element-ba03603 e-con-full e-flex e-con e-child\" data-id=\"ba03603\" data-element_type=\"container\">\n\t\t\t\t<div class=\"elementor-element elementor-element-781f6c04 elementor-widget elementor-widget-text-editor\" data-id=\"781f6c04\" data-element_type=\"widget\" data-widget_type=\"text-editor.default\">\n\t\t\t\t\t\t\t\t\t<p class=\"wp-block-heading\">Diese Datenschutz wurde zuletzt am 15. Juli 2025 aktualisiert.<\/p>\t\t\t\t\t\t\t\t<\/div>\n\t\t\t\t<\/div>\n\t\t<div class=\"elementor-element elementor-element-2988927 e-con-full e-flex e-con e-child\" data-id=\"2988927\" data-element_type=\"container\">\n\t\t\t\t<div class=\"elementor-element elementor-element-70fd4d4 elementor-widget elementor-widget-text-editor\" data-id=\"70fd4d4\" data-element_type=\"widget\" data-widget_type=\"text-editor.default\">\n\t\t\t\t\t\t\t\t\t<p>In dieser Datenschutz wird erl\u00e4utert, wie <b>LAPPI CABINS OY <\/b>(&#8222;wir&#8220; oder der &#8222;Verantwortliche&#8220;) Ihre personenbezogenen Daten verarbeitet, die Zwecke dieser Verarbeitung, die Empf\u00e4nger der Daten, Ihre Rechte und andere relevante Bedingungen.<span class=\"Apple-converted-space\"> <\/span><\/p><p><b>LAPPI CABINS OY <\/b>(juristische Person Code 3449368-3, Korpijoentie 575, 99870 Aska, Finnland; Tel. +370 620 34520, E-Mail info@lunvio.com) ist der Datenverantwortliche &#8211; die Stelle, die \u00fcber die Zwecke und Mittel der Verarbeitung Ihrer personenbezogenen Daten entscheidet.<span class=\"Apple-converted-space\"> <\/span><\/p><p>Alle Bestimmungen dieser Datenschutzrichtlinie leiten sich aus der EU-Datenschutz-Grundverordnung (DSGVO) und anderen anwendbaren Gesetzen ab und basieren darauf.<span class=\"Apple-converted-space\"> <\/span><\/p><p>Bitte nehmen Sie sich die Zeit, diese Datenschutzrichtlinie sorgf\u00e4ltig zu lesen, da ihre Bedingungen f\u00fcr alle nat\u00fcrlichen Personen gelten, die unsere Website besuchen, unsere Dienstleistungen bestellen, mit uns kommunizieren oder uns anderweitig personenbezogene Daten zur Verf\u00fcgung stellen. Die Richtlinie kann sich in Zukunft \u00e4ndern, um rechtliche oder betriebliche Entwicklungen widerzuspiegeln, daher empfehlen wir Ihnen, die aktuelle Version regelm\u00e4\u00dfig zu \u00fcberpr\u00fcfen. <span class=\"Apple-converted-space\"> <\/span><\/p><p>Sollten Sie Fragen, W\u00fcnsche oder Bedenken haben, k\u00f6nnen Sie uns jederzeit unter info@lunvio.com oder schriftlich an die oben genannte Adresse mit dem Vermerk &#8222;Datenschutz&#8220; kontaktieren.<span class=\"Apple-converted-space\"> <\/span><\/p><h3> <\/h3><h3><b>Welche Daten wir sammeln &#8211; warum wir sie brauchen &#8211; woher sie kommen &#8211; wie lange wir sie aufbewahren<\/b><\/h3><p><\/p><p><span class=\"Apple-converted-space\"> <\/span>Wir hoffen sicherzustellen, dass die von uns verarbeiteten personenbezogenen Daten jederzeit korrekt sind, und empfehlen Ihnen daher, Ihre Informationen bei Bedarf zu aktualisieren, wenn \u00c4nderungen auftreten.<span class=\"Apple-converted-space\"> <\/span><\/p><p><b>G\u00e4ste- &amp; Buchungsmanagement<span class=\"Apple-converted-space\"> <\/span><\/b><\/p><p>Wir k\u00f6nnen Ihre personenbezogenen Daten erhalten, wenn Sie Anfrage- oder Reservierungsformulare auf unserer Website ausf\u00fcllen. eine Bestellung f\u00fcr unsere Dienstleistungen aufzugeben oder uns anderweitig zu kontaktieren; F\u00fcllen Sie eine Registrierungskarte aus und geben Sie die Daten bei der Ankunft im Hotel an. oder mit uns telefonisch, \u00fcber soziale Netzwerke oder \u00fcber andere elektronische Kan\u00e4le oder Plattformen zu kommunizieren. Wir k\u00f6nnen Ihre personenbezogenen Daten auch indirekt \u00fcber den Online-Buchungskanal erhalten, \u00fcber den Sie unser Hotel reservieren. <span class=\"Apple-converted-space\"> <\/span><\/p><p>Zu diesen personenbezogenen Daten geh\u00f6ren Ihr vollst\u00e4ndiger Name, Ihr Personalausweis, Ihre Kontaktdaten (E-Mail-Adresse, Telefonnummer, Adresse), Ihre pers\u00f6nliche Identifikationsnummer \/ Ihr Geburtsdatum, Ihre Nationalit\u00e4t, das Land, von dem aus Sie nach Finnland gereist sind, die Nummer des Reisepasses\/Reisedokuments, das Ankunfts- und Abreisedatum, den Grund des Aufenthalts (Freizeit, Arbeit, Treffen, anderer Zweck), Ihre Unterschrift und andere reservierungsbezogene Informationen (z. B. Hotelzimmerpr\u00e4ferenzen).  m\u00f6gliche gesundheitsbezogene Informationen (wenn Sie z. B. Informationen \u00fcber Allergien bereitgestellt haben), Einwilligungen (z. B. Marketingeinwilligungen).<span class=\"Apple-converted-space\"> <\/span><\/p><p>Der Zweck der Verarbeitung Ihrer Daten besteht darin, unsere Dienstleistungen zu erbringen, d.h. Ihre Buchung zu verwalten und zu best\u00e4tigen, Ihnen die notwendigen Mitteilungen im Zusammenhang mit Ihrer Buchung (z. B. Buchungsbest\u00e4tigung) usw. zu senden.<span class=\"Apple-converted-space\"> <\/span><\/p><p>Rechtsgrundlage f\u00fcr die Verarbeitung Ihrer Daten ist die Erf\u00fcllung eines Vertrags mit Ihnen (Art. 6 Abs. 1 lit. b DSGVO), auch zur Erf\u00fcllung gesetzlicher Verpflichtungen (Art. 6 Abs. 1 lit. c DSGVO).<span class=\"Apple-converted-space\"> <\/span><\/p><p>Die Bereitstellung dieser Daten ist erforderlich; Ohne sie w\u00e4ren wir nicht in der Lage, die Dienstleistungen zu erbringen.<span class=\"Apple-converted-space\"> <\/span><\/p><p>Wir bewahren Ihre personenbezogenen Daten ein Jahr lang auf.<span class=\"Apple-converted-space\"> <\/span><\/p><p>Wir k\u00f6nnen Ihre Daten an Strafverfolgungsbeh\u00f6rden oder andere \u00f6ffentliche Beh\u00f6rden weitergeben, wenn eine solche Offenlegung nach geltendem Recht erforderlich ist, auch an Drittanbieter, die unten aufgef\u00fchrt sind. Die von uns ausgew\u00e4hlten Auftragsverarbeiter d\u00fcrfen Ihre personenbezogenen Daten ausschlie\u00dflich auf unsere Anweisung hin verarbeiten und nicht f\u00fcr andere Zwecke verwenden. Sie sind dar\u00fcber hinaus verpflichtet, Ihre Daten in \u00dcbereinstimmung mit den geltenden Gesetzen und den mit ihnen geschlossenen Auftragsverarbeitungsvertr\u00e4gen zu sch\u00fctzen.  <span class=\"Apple-converted-space\"> <\/span><\/p><p><b>Rekrutierung<span class=\"Apple-converted-space\"> <\/span><\/b><\/p><p>Wir k\u00f6nnen Ihre personenbezogenen Daten erhalten, wenn Sie einen Lebenslauf, ein Anschreiben oder andere Bewerbungsunterlagen \u00fcber unsere Website, per E-Mail, \u00fcber Online-Jobplattformen oder Personalvermittlungsagenturen einreichen; an Vorstellungsgespr\u00e4chen, Kompetenztests oder anderen Bewertungsaktivit\u00e4ten teilzunehmen; auf unsere Anfrage Referenzen oder zus\u00e4tzliche Informationen zur Verf\u00fcgung zu stellen; oder kommunizieren Sie mit uns per Telefon, E-Mail, Messaging-Tools oder \u00e4hnlichen elektronischen Kan\u00e4len. Wir k\u00f6nnen Ihre personenbezogenen Daten auch indirekt von Personalvermittlungsagenturen, Online-Jobb\u00f6rsen oder Referenzen erhalten, zu deren Kontaktaufnahme Sie uns autorisiert haben. <span class=\"Apple-converted-space\"> <\/span><\/p><p>Die personenbezogenen Daten, die f\u00fcr die Rekrutierung verarbeitet werden, k\u00f6nnen Ihren vollst\u00e4ndigen Namen enthalten; Kontaktdaten (E-Mail-Adresse, Telefonnummer, Postanschrift); Geburtsdatum; Ausbildung, Qualifikationen und beruflicher Werdegang; sprachliche und technische F\u00e4higkeiten; Gehaltsvorstellungen; Ergebnisse von Interviews oder Bewertungen; Referenzinformationen; und alle anderen Details, die Sie uns zur Verf\u00fcgung stellen. Gegebenenfalls k\u00f6nnen wir auch begrenzte Daten besonderer Kategorien &#8211; wie z. B. Informationen \u00fcber Gesundheitszust\u00e4nde, die eine Unterbringung am Arbeitsplatz erfordern &#8211; nur mit Ihrer ausdr\u00fccklichen Zustimmung und in \u00dcbereinstimmung mit Art. 9 Abs. 2 lit. b DSGVO verarbeiten. <span class=\"Apple-converted-space\"> <\/span><\/p><p>Zweck der Verarbeitung Ihrer Daten ist es, Ihre Eignung zu bewerten und ggf. auf Ihren Wunsch hin Ma\u00dfnahmen zu ergreifen, bevor ein Arbeitsvertrag abgeschlossen wird.<span class=\"Apple-converted-space\"> <\/span><\/p><p>Die Rechtsgrundlage f\u00fcr die Verarbeitung Ihrer Daten ist Ihre Einwilligung zur Teilnahme an der Rekrutierung (Art. 6 Abs. 1 lit. a DSGVO); Durchf\u00fchrung vorvertraglicher Ma\u00dfnahmen auf Ihre Anfrage hin (Art. 6 Abs. 1 lit. b); und unser berechtigtes Interesse an der Rekrutierung von qualifiziertem Personal (Art. 6 Abs. 1 lit. f).<span class=\"Apple-converted-space\"> <\/span><\/p><p>Die Bereitstellung dieser Daten ist erforderlich; Ohne sie k\u00f6nnten wir Ihre Bewerbung nicht beurteilen.<span class=\"Apple-converted-space\"> <\/span><\/p><p>Wir bewahren Ihre personenbezogenen Daten nicht l\u00e4nger als sechs Monate nach Erhalt auf, es sei denn, Sie werden unser Mitarbeiter (in diesem Fall sind die Daten Teil Ihrer Personalakte und werden gem\u00e4\u00df dem Mitarbeiterdatenplan aufbewahrt) oder ein l\u00e4ngerer Zeitraum ist erforderlich, um Rechtsanspr\u00fcche zu begr\u00fcnden, auszu\u00fcben oder zu verteidigen.<span class=\"Apple-converted-space\"> <\/span><\/p><p>Wir k\u00f6nnen Ihre Daten an Strafverfolgungsbeh\u00f6rden oder andere \u00f6ffentliche Beh\u00f6rden weitergeben, wenn eine solche Offenlegung nach geltendem Recht erforderlich ist, auch an Drittanbieter, die unten aufgef\u00fchrt sind. Die von uns ausgew\u00e4hlten Auftragsverarbeiter d\u00fcrfen Ihre personenbezogenen Daten ausschlie\u00dflich auf unsere Anweisung hin verarbeiten und nicht f\u00fcr andere Zwecke verwenden. Sie sind dar\u00fcber hinaus verpflichtet, Ihre Daten in \u00dcbereinstimmung mit den geltenden Gesetzen und den mit ihnen geschlossenen Auftragsverarbeitungsvertr\u00e4gen zu sch\u00fctzen.  <span class=\"Apple-converted-space\"> <\/span><\/p><p><b>Arbeitsverh\u00e4ltnis<span class=\"Apple-converted-space\"> <\/span><\/b><\/p><p>Wir k\u00f6nnen Ihre personenbezogenen Daten erhalten, wenn Sie einen Arbeitsvertrag unterzeichnen oder Onboarding- und HR-Formulare ausf\u00fcllen; Betreten Sie das Firmengel\u00e4nde mit Zugangskarten oder nutzen Sie unsere IT-Systeme (E-Mail, Laptops, interne Apps); \u00e4rztliche Atteste, Unfallberichte oder andere arbeitsrechtlich vorgeschriebene Dokumente vorzulegen; oder kommunizieren Sie mit uns per Telefon, E-Mail, Messaging-Tools oder \u00e4hnlichen elektronischen Kan\u00e4len. Wir k\u00f6nnen Ihre personenbezogenen Daten auch indirekt von Beh\u00f6rden (z. B. Steuer- oder Sozialversicherungs\u00e4mtern) und internen Systemen erhalten, die Zugriffs- oder Gehaltsabrechnungsunterlagen erstellen. <span class=\"Apple-converted-space\"> <\/span><\/p><p>Die personenbezogenen Daten, die f\u00fcr die Besch\u00e4ftigung verarbeitet werden, k\u00f6nnen Ihren vollst\u00e4ndigen Namen enthalten; Kontaktdaten (E-Mail-Adresse, Telefonnummer, Postanschrift); pers\u00f6nliche Identifikationsnummer und\/oder Geburtsdatum; Nationalit\u00e4t; Bankkonto- und Steuerdaten; beruflicher Werdegang und Berufsbezeichnung; Informationen zu Arbeitszeiten und L\u00f6hnen; Leistungsbeurteilungen; Schulungsaufzeichnungen; CCTV- oder Zugangskontrollprotokolle; und alle Gesundheitsdaten, die f\u00fcr Zwecke des Gesundheitsschutzes oder der Sicherheit am Arbeitsplatz erforderlich sind. Wir verarbeiten Daten besonderer Kategorien, wie z. B. Gesundheitsinformationen, nur mit den in Art. 9 Abs. 2 lit. b und h der DSGVO festgelegten Garantien. <span class=\"Apple-converted-space\"> <\/span><\/p><p>Der Zweck der Verarbeitung Ihrer Daten besteht in der Verwaltung und Erf\u00fcllung des Arbeitsvertrags, der Zahlung von Geh\u00e4ltern und Sozialleistungen, der Erf\u00fcllung gesetzlicher Verpflichtungen und der Aufrechterhaltung der Sicherheit am Arbeitsplatz.<span class=\"Apple-converted-space\"> <\/span><\/p><p>Die Rechtsgrundlage f\u00fcr die Verarbeitung Ihrer Daten ist die Erf\u00fcllung des Arbeitsvertrags mit Ihnen (Art. 6 Abs. 1 lit. b DSGVO); Einhaltung der gesetzlichen Verpflichtungen, die sich aus den Arbeits-, Steuer-, Sozialversicherungs- und Arbeitsschutzgesetzen ergeben (Art. 6 Abs. 1 Buchst. c); und unsere berechtigten Interessen an der Sicherung von Unternehmensverm\u00f6gen, der Aufrechterhaltung der IT- und Geb\u00e4udesicherheit und der effizienten F\u00fchrung unseres Gesch\u00e4fts (Art. 6 Abs. 1 lit. f).<\/p><p>Die Bereitstellung dieser Daten ist erforderlich; Ohne sie k\u00f6nnten wir den Arbeitsvertrag nicht abschlie\u00dfen oder erf\u00fcllen oder unseren gesetzlichen Pflichten nicht nachkommen.<span class=\"Apple-converted-space\"> <\/span><\/p><p>Wir bewahren Ihre personenbezogenen Daten nicht l\u00e4nger als zehn (10) Jahre nach Beendigung des Arbeitsverh\u00e4ltnisses und Beilegung aller gegenseitigen Anspr\u00fcche auf, es sei denn, eine l\u00e4ngere Frist ist gesetzlich vorgeschrieben.<span class=\"Apple-converted-space\"> <\/span><\/p><p>Wir k\u00f6nnen Ihre Daten an Strafverfolgungsbeh\u00f6rden oder andere \u00f6ffentliche Beh\u00f6rden weitergeben, wenn eine solche Offenlegung nach geltendem Recht erforderlich ist, auch an Drittanbieter, die unten aufgef\u00fchrt sind. Die von uns ausgew\u00e4hlten Auftragsverarbeiter d\u00fcrfen Ihre personenbezogenen Daten ausschlie\u00dflich auf unsere Anweisung hin verarbeiten und nicht f\u00fcr andere Zwecke verwenden. Sie sind dar\u00fcber hinaus verpflichtet, Ihre Daten in \u00dcbereinstimmung mit den geltenden Gesetzen und den mit ihnen geschlossenen Auftragsverarbeitungsvertr\u00e4gen zu sch\u00fctzen.  <span class=\"Apple-converted-space\"> <\/span><\/p><p><b>Newsletter und andere Direktmarketing-Mitteilungen<span class=\"Apple-converted-space\"> <\/span><\/b><\/p><p>Wir k\u00f6nnen Ihre personenbezogenen Daten erhalten, wenn Sie unseren Newsletter abonnieren; ein K\u00e4stchen ankreuzen oder anderweitig angeben, dass Sie Direktmarketing-Materialien erhalten m\u00f6chten; oder mit unseren Social-Media-Konten, Kampagnen oder anderen elektronischen Kan\u00e4len interagieren, wenn Sie freiwillig Kontaktdaten angeben.<span class=\"Apple-converted-space\"> <\/span><\/p><p>Zu den personenbezogenen Daten, die f\u00fcr Marketingzwecke verarbeitet werden, geh\u00f6ren Ihr Name, Ihre E-Mail-Adresse, Ihre Telefonnummer, Ihre bevorzugte Sprache, Marketingeinwilligungen und alle Interessen oder Pr\u00e4ferenzen, die Sie teilen m\u00f6chten (z. B. bevorzugte Kabinenart oder Aufenthaltsdaten).<span class=\"Apple-converted-space\"> <\/span><\/p><p>Der Zweck der Verarbeitung Ihrer Daten besteht darin, Ihnen Informationen \u00fcber unsere Dienstleistungen, Neuigkeiten, Werbeaktionen, Veranstaltungen und andere Marketinginhalte \u00fcber die von Ihnen angegebenen Kontaktdaten oder \u00fcber soziale Netzwerke, Medienkan\u00e4le und \u00e4hnliche elektronische Plattformen zukommen zu lassen.<span class=\"Apple-converted-space\"> <\/span><\/p><p>Die Rechtsgrundlage f\u00fcr die Verarbeitung Ihrer Daten ist Ihre Einwilligung in den Erhalt von Direktmarketing (Art. 6 Abs. 1 lit. a DSGVO).<span class=\"Apple-converted-space\"> <\/span><\/p><p>Die Bereitstellung dieser Daten ist freiwillig; Ohne sie k\u00f6nnen wir die angeforderten Mitteilungen nicht zustellen.<span class=\"Apple-converted-space\"> <\/span><\/p><p>Wir verarbeiten Ihre personenbezogenen Daten f\u00fcr Marketingzwecke f\u00fcr bis zu drei (3) Jahre ab dem Datum, an dem Sie Ihre Einwilligung erteilt haben, oder bis zum Ende unserer Beziehung mit Ihnen &#8211; je nachdem, was zuerst eintritt.<span class=\"Apple-converted-space\"> <\/span><\/p><p><b>Opt-out: Jede E-Mail <\/b>, Nachricht oder Mitteilung, die wir senden, enth\u00e4lt einen einfachen Opt-out-Link. Sie k\u00f6nnen Ihre Einwilligung auch jederzeit widerrufen, indem Sie uns \u00fcber die in dieser Datenschutzrichtlinie angegebenen Kontaktdaten kontaktieren. In diesem Fall werden wir keine Marketingmitteilungen mehr versenden. <span class=\"Apple-converted-space\"> <\/span><\/p><p>Wir k\u00f6nnen Ihre Daten an Strafverfolgungsbeh\u00f6rden oder andere \u00f6ffentliche Beh\u00f6rden weitergeben, wenn eine solche Offenlegung nach geltendem Recht erforderlich ist, auch an Drittanbieter, die unten aufgef\u00fchrt sind. Die von uns ausgew\u00e4hlten Auftragsverarbeiter d\u00fcrfen Ihre personenbezogenen Daten ausschlie\u00dflich auf unsere Anweisung hin verarbeiten und nicht f\u00fcr andere Zwecke verwenden. Sie sind zus\u00e4tzlich erforderlich, um Ihre  <span class=\"Apple-converted-space\"> <\/span><\/p><p>Daten in \u00dcbereinstimmung mit den geltenden Gesetzen und den Datenverarbeitungsvertr\u00e4gen, die wir mit ihnen abgeschlossen haben.<span class=\"Apple-converted-space\"> <\/span><\/p><p><b>Beschwerden und Anfragen<span class=\"Apple-converted-space\"> <\/span><\/b><\/p><p>Wir k\u00f6nnen Ihre personenbezogenen Daten erhalten, wenn Sie eine Beschwerde, einen Anspruch oder eine Anfrage per E-Mail, Post, Telefon, \u00fcber soziale Medien, \u00fcber ein Website-Formular oder \u00fcber einen anderen Kanal einreichen. Belege, Fotos oder Korrespondenz zur Verf\u00fcgung zu stellen; oder kommunizieren Sie mit unseren Mitarbeitern w\u00e4hrend der Bearbeitung Ihrer Anfrage.<span class=\"Apple-converted-space\"> <\/span><\/p><p>Zu den verarbeiteten personenbezogenen Daten kann Ihr Name geh\u00f6ren; Kontaktdaten (E-Mail-Adresse, Telefonnummer, Postanschrift); Bestell- oder Buchungsreferenz; den Inhalt Ihrer Beschwerde oder Anfrage; und alle Nachweise, die Sie bereitstellen m\u00f6chten (z. B. Fotos, Quittungen).<span class=\"Apple-converted-space\"> <\/span><\/p><p>Der Zweck der Verarbeitung Ihrer Daten besteht darin, Ihre Beschwerde, Ihren Anspruch oder Ihre Anfrage zu registrieren, zu untersuchen und zu l\u00f6sen und, falls erforderlich, Rechtsanspr\u00fcche geltend zu machen oder zu verteidigen.<span class=\"Apple-converted-space\"> <\/span><\/p><p>Die Rechtsgrundlage f\u00fcr die Verarbeitung Ihrer Daten ist Ihre Einwilligung, die sich in Ihrer Entscheidung widerspiegelt, die Beschwerde oder Anfrage einzureichen (Art. 6 Abs. 1 lit. a DSGVO); unser berechtigtes Interesse am Schutz unserer Rechte und der Beilegung potenzieller Streitigkeiten (Art. 6 Abs. 1 lit. f); und die Einhaltung gesetzlicher Verpflichtungen, die uns zur Aufbewahrung bestimmter Aufzeichnungen verpflichten k\u00f6nnen (Art. 6 Abs. 1 lit. c).  <span class=\"Apple-converted-space\"> <\/span><\/p><p>Wenn die Angelegenheit zu einem Rechtsstreit, einem angeblichen Schaden oder einem vertraglichen Anspruch f\u00fchren k\u00f6nnte, k\u00f6nnen wir die Daten <b>bis zu zehn (10) Jahre<\/b> lang aufbewahren; Wenn keine Streitigkeit zu erwarten ist, l\u00f6schen wir die Daten fr\u00fcher \u2013 sobald sie f\u00fcr den angegebenen Zweck nicht mehr ben\u00f6tigt werden.<span class=\"Apple-converted-space\"> <\/span><\/p><p>Wir k\u00f6nnen Ihre Daten an Strafverfolgungsbeh\u00f6rden oder andere \u00f6ffentliche Beh\u00f6rden weitergeben, wenn eine solche Offenlegung nach geltendem Recht erforderlich ist, auch an Drittanbieter, die unten aufgef\u00fchrt sind. Die von uns ausgew\u00e4hlten Auftragsverarbeiter d\u00fcrfen Ihre personenbezogenen Daten ausschlie\u00dflich auf unsere Anweisung hin verarbeiten und nicht f\u00fcr andere Zwecke verwenden. Sie sind dar\u00fcber hinaus verpflichtet, Ihre Daten in \u00dcbereinstimmung mit den geltenden Gesetzen und den mit ihnen geschlossenen Auftragsverarbeitungsvertr\u00e4gen zu sch\u00fctzen.  <span class=\"Apple-converted-space\"> <\/span><\/p><p><b>Vertr\u00e4ge mit nat\u00fcrlichen Personen<span class=\"Apple-converted-space\"> <\/span><\/b><\/p><p>Wir k\u00f6nnen Ihre personenbezogenen Daten erhalten, wenn Sie einen Dienstleistungs- oder Kaufvertrag mit uns aushandeln, unterzeichnen oder \u00e4ndern; F\u00fcllen Sie Bestell- oder Zahlungsformulare aus und geben Sie Rechnungsdaten an; oder mit uns per Telefon, E-Mail, Online-Chat oder anderen elektronischen Kan\u00e4len \u00fcber vertragliche Angelegenheiten zu kommunizieren. Wir k\u00f6nnen Ihre personenbezogenen Daten auch indirekt von Zahlungsabwicklern oder Beh\u00f6rden erhalten, die Steuer- oder Identit\u00e4tsinformationen best\u00e4tigen. <span class=\"Apple-converted-space\"> <\/span><\/p><p>Die personenbezogenen Daten, die zu vertraglichen Zwecken verarbeitet werden, k\u00f6nnen Ihren vollst\u00e4ndigen Namen enthalten; Kontaktdaten (E-Mail-Adresse, Telefonnummer, Postanschrift); Pers\u00f6nliche Identifikationsnummer<span class=\"Apple-converted-space\"> <\/span><\/p><p>und\/oder Geburtsdatum; Daten von Ausweisdokumenten; Angaben zum Bankkonto oder zur Zahlungskarte; den Vertragsgegenstand (z.B. bestellte Dienstleistungen, Preisgestaltung, Lieferadresse); Korrespondenz \u00fcber die Auff\u00fchrung; und alle anderen Informationen, die Sie im Zusammenhang mit der Vereinbarung zur Verf\u00fcgung stellen.<span class=\"Apple-converted-space\"> <\/span><\/p><p>Der Zweck der Verarbeitung Ihrer Daten besteht darin, den Vertrag abzuschlie\u00dfen, zu verwalten und durchzuf\u00fchren, Zahlungen abzuwickeln, Kundensupport zu leisten und die damit verbundenen gesetzlichen Verpflichtungen (z. B. Rechnungsstellung, Steuerberichterstattung) zu erf\u00fcllen.<span class=\"Apple-converted-space\"> <\/span><\/p><p>Die Rechtsgrundlage f\u00fcr die Verarbeitung Ihrer Daten ist die Erf\u00fcllung eines Vertrags, dessen Vertragspartei Sie sind, oder die auf Ihren Wunsch hin unternommenen Ma\u00dfnahmen vor dessen Abschluss (Art. 6 Abs. 1 lit. b DSGVO); Einhaltung gesetzlicher Verpflichtungen, wie z. B. Rechnungslegungs- und Steuergesetze (Art. 6 Abs. 1 Buchst. c); und Ihre Einwilligung, wenn wir sie f\u00fcr bestimmte Nebenhandlungen anfordern (Art. 6 Abs. 1 lit. a).<span class=\"Apple-converted-space\"> <\/span><\/p><p>Die Bereitstellung dieser Daten ist erforderlich; Ohne sie k\u00f6nnen wir den Vertrag nicht abschlie\u00dfen oder erf\u00fcllen.<span class=\"Apple-converted-space\"> <\/span><\/p><p>Wir bewahren Ihre personenbezogenen Daten zehn (10) Jahre nach Beendigung des Vertragsverh\u00e4ltnisses auf, es sei denn, ein l\u00e4ngerer Zeitraum ist zur Geltendmachung, Aus\u00fcbung oder Verteidigung von Rechtsanspr\u00fcchen oder zur Erf\u00fcllung gesetzlicher Aufzeichnungspflichten erforderlich.<span class=\"Apple-converted-space\"> <\/span><\/p><p>Wir k\u00f6nnen Ihre Daten an Strafverfolgungsbeh\u00f6rden oder andere \u00f6ffentliche Beh\u00f6rden weitergeben, wenn eine solche Offenlegung nach geltendem Recht erforderlich ist, auch an Drittanbieter, die unten aufgef\u00fchrt sind. Die von uns ausgew\u00e4hlten Auftragsverarbeiter d\u00fcrfen Ihre personenbezogenen Daten ausschlie\u00dflich auf unsere Anweisung hin verarbeiten und nicht f\u00fcr andere Zwecke verwenden. Sie sind dar\u00fcber hinaus verpflichtet, Ihre Daten in \u00dcbereinstimmung mit den geltenden Gesetzen und den mit ihnen geschlossenen Auftragsverarbeitungsvertr\u00e4gen zu sch\u00fctzen.  <span class=\"Apple-converted-space\"> <\/span><\/p><p><b>Vertr\u00e4ge mit juristischen Personen<\/b><\/p><p>Wir k\u00f6nnen Ihre personenbezogenen Daten erhalten, wenn Sie \u2013 als Mitarbeiter oder bevollm\u00e4chtigter Vertreter eines Unternehmens, das mit uns einen Vertrag abschlie\u00dft \u2013 im Namen dieses Unternehmens einen Vertrag aushandeln, unterzeichnen oder \u00e4ndern; Bestellungen, Rechnungen oder andere gesch\u00e4ftsbezogene Dokumente auszutauschen; oder mit uns per Telefon, E-Mail, Online-Chat oder \u00e4hnlichen elektronischen Kan\u00e4len \u00fcber den Vertrag zu kommunizieren. Wir k\u00f6nnen Ihre personenbezogenen Daten im Rahmen des Vertragsabschlusses auch indirekt aus \u00f6ffentlichen Registern (z. B. Unternehmensdatenbanken) oder Ihrem Arbeitgeber erhalten. <span class=\"Apple-converted-space\"> <\/span><\/p><p>Die zu diesem Zweck verarbeiteten personenbezogenen Daten k\u00f6nnen Ihren vollst\u00e4ndigen Namen enthalten; Berufsbezeichnung oder Position; berufliche Kontaktdaten (gesch\u00e4ftliche E-Mail-Adresse, Telefonnummer, Gesch\u00e4ftsadresse); Unterschrift; Vollmacht oder Nachweis der Vollmacht; und jegliche Korrespondenz oder Notizen im Zusammenhang mit der Vertragserf\u00fcllung.<span class=\"Apple-converted-space\"> <\/span><\/p><p>Zweck der Verarbeitung Ihrer Daten ist der Abschluss, die Verwaltung und die Durchf\u00fchrung des Vertrages mit der von Ihnen vertretenen juristischen Person, die Abwicklung von Zahlungen, die Koordination von Lieferungen oder Dienstleistungen sowie die Beilegung von vertragsbezogenen Fragen oder Streitigkeiten.<span class=\"Apple-converted-space\"> <\/span><\/p><p>Die Rechtsgrundlage f\u00fcr die Verarbeitung Ihrer Daten ist unser berechtigtes Interesse am Abschluss und der Durchf\u00fchrung von Vertr\u00e4gen mit Unternehmen und an der Gew\u00e4hrleistung einer effektiven Gesch\u00e4ftskommunikation (Art. 6 Abs. 1 lit. f DSGVO).<span class=\"Apple-converted-space\"> <\/span><\/p><p>Die Bereitstellung dieser Daten ist erforderlich; Ohne sie k\u00f6nnten wir den Vertrag mit Ihrer Organisation nicht ordnungsgem\u00e4\u00df verwalten.<span class=\"Apple-converted-space\"> <\/span><\/p><p>Wir bewahren die personenbezogenen Daten von Unternehmensvertretern zehn (10) Jahre nach Beendigung des Vertragsverh\u00e4ltnisses auf, es sei denn, ein l\u00e4ngerer Zeitraum ist zur Geltendmachung, Aus\u00fcbung oder Verteidigung von Rechtsanspr\u00fcchen oder zur Erf\u00fcllung gesetzlicher Aufzeichnungspflichten erforderlich.<span class=\"Apple-converted-space\"> <\/span><\/p><p>Wir k\u00f6nnen Ihre Daten an Strafverfolgungsbeh\u00f6rden oder andere \u00f6ffentliche Beh\u00f6rden weitergeben, wenn eine solche Offenlegung nach geltendem Recht erforderlich ist, auch an Drittanbieter, die unten aufgef\u00fchrt sind. Die von uns ausgew\u00e4hlten Auftragsverarbeiter d\u00fcrfen Ihre personenbezogenen Daten ausschlie\u00dflich auf unsere Anweisung hin verarbeiten und nicht f\u00fcr andere Zwecke verwenden. Sie sind dar\u00fcber hinaus verpflichtet, Ihre Daten in \u00dcbereinstimmung mit den geltenden Gesetzen und den mit ihnen geschlossenen Auftragsverarbeitungsvertr\u00e4gen zu sch\u00fctzen.  <span class=\"Apple-converted-space\"> <\/span><\/p><p><b>Kommunikation per E-Mail oder \u00fcber andere elektronische Kan\u00e4le<span class=\"Apple-converted-space\"> <\/span><\/b><\/p><p>Wenn Sie mit uns per E-Mail oder auf andere elektronische Weise kommunizieren, basiert die Verarbeitung der von Ihnen freiwillig zur Verf\u00fcgung gestellten personenbezogenen Daten auf Ihrer Einwilligung &#8211; d. h. Ihrer Entscheidung, sich an einer solchen Kommunikation zu beteiligen. Wenn Sie als Mitarbeiter einer juristischen Person korrespondieren, mit der wir Vertragsbeziehungen haben (oder haben k\u00f6nnen), kann die Rechtsgrundlage stattdessen unser berechtigtes Interesse sein (Art. 6 Abs. 1 lit. f DSGVO). <span class=\"Apple-converted-space\"> <\/span><\/p><p>\u00dcber vertragliche Zwecke hinaus werden Ihre Daten auch f\u00fcr die interne Verwaltung verarbeitet.<span class=\"Apple-converted-space\"> <\/span><\/p><p>Wir verarbeiten Ihre E-Mail-Adresse, den Nachrichteninhalt und die damit verbundenen Daten nach dem Grundsatz der Verh\u00e4ltnism\u00e4\u00dfigkeit. Sie sind in der Regel nur f\u00fcr den direkten Empf\u00e4nger sichtbar, k\u00f6nnen aber von anderen Mitarbeitern in Situationen wie der Durchsetzung interner Richtlinien, potenziellen Untersuchungen von rechtlichen oder beh\u00f6rdlichen Verst\u00f6\u00dfen, der Vertretung von Mitarbeitern oder \u00e4hnlichen Umst\u00e4nden abgerufen oder anderweitig verarbeitet werden. <span class=\"Apple-converted-space\"> <\/span><\/p><p>Wir k\u00f6nnen Ihre Daten an Strafverfolgungsbeh\u00f6rden oder andere \u00f6ffentliche Beh\u00f6rden weitergeben, wenn eine solche Offenlegung nach geltendem Recht erforderlich ist, auch an Drittanbieter, die unten aufgef\u00fchrt sind. Die von uns ausgew\u00e4hlten Auftragsverarbeiter d\u00fcrfen Ihre personenbezogenen Daten ausschlie\u00dflich auf unsere Anweisung hin verarbeiten und nicht f\u00fcr andere Zwecke verwenden. Sie sind zus\u00e4tzlich erforderlich, um Ihre  <span class=\"Apple-converted-space\"> <\/span><\/p><p>Daten in \u00dcbereinstimmung mit den geltenden Gesetzen und den Datenverarbeitungsvertr\u00e4gen, die wir mit ihnen abgeschlossen haben.<span class=\"Apple-converted-space\"> <\/span><\/p><p><b>Nutzung sozialer Netzwerke<span class=\"Apple-converted-space\"> <\/span><\/b><\/p><p>Wir k\u00f6nnen Ihre personenbezogenen Daten erhalten, wenn Sie mit unseren Social-Media-Konten interagieren &#8211; zum Beispiel, indem Sie eine Direktnachricht senden, einen Kommentar schreiben oder auf &#8222;Gef\u00e4llt mir&#8220; oder &#8222;Folgen&#8220; klicken. Bitte beachten Sie, dass alle Inhalte, die Sie auf einer Social-Media-Plattform ver\u00f6ffentlichen, letztendlich vom Plattformanbieter kontrolliert werden. Wir empfehlen Ihnen, die Datenschutzhinweise aller Plattformen von Drittanbietern zu lesen und sich direkt an diese Anbieter zu wenden, wenn Sie Fragen dazu haben, wie sie Ihre personenbezogenen Daten verarbeiten.  <span class=\"Apple-converted-space\"> <\/span><\/p><p>Der Zweck der Verarbeitung Ihrer Daten besteht darin, auf Ihre Anfragen zu antworten, mit unserer Community in Kontakt zu treten und unsere Dienstleistungen zu bewerben.<span class=\"Apple-converted-space\"> <\/span><\/p><p>Die Rechtsgrundlage f\u00fcr die Verarbeitung Ihrer Daten ist Ihre Einwilligung bei der Einleitung der Interaktion und unser berechtigtes Interesse an Marketing und Kundenbindung (Art. 6 Abs. 1 lit. f DSGVO).<span class=\"Apple-converted-space\"> <\/span><\/p><p>Wir kopieren oder speichern keine Social-Media-Inhalte in unseren internen Systemen.<span class=\"Apple-converted-space\"> <\/span><\/p><h3> <\/h3><h3><b>Weitergabe personenbezogener Daten an Empf\u00e4nger<\/b><\/h3><p>Ihre personenbezogenen Daten k\u00f6nnen an die folgenden Kategorien von Empf\u00e4ngern weitergegeben werden, soweit dies zur Erbringung unserer Dienstleistungen, zur Erf\u00fcllung gesetzlicher Verpflichtungen, zum Schutz unserer Rechte und zur Unterst\u00fctzung des Unternehmensbetriebs erforderlich ist:<span class=\"Apple-converted-space\"> <\/span><\/p><ul><li>Reservierungs- und Buchungsplattformen \u2013 zur Bearbeitung von Reservierungen und zur Verwaltung von Buchungskan\u00e4len.<span class=\"Apple-converted-space\"> <\/span><\/li><li>Zahlungsabwickler und Banken \u2013 zur Abwicklung von Zahlungen, Einzahlungen und Bankgesch\u00e4ften.<span class=\"Apple-converted-space\"> <\/span><\/li><li>IT-, Server-, E-Mail-, Cloud-Speicher- und CRM-Dienstleister \u2013 um unsere Systeme zu hosten, Daten sicher zu speichern und Mitteilungen zu versenden.<span class=\"Apple-converted-space\"> <\/span><\/li><li>Housekeeping-, W\u00e4scherei-, Wartungs-, Catering- und Concierge-Partner \u2013 um den G\u00e4steservice vor Ort zu gew\u00e4hrleisten.<span class=\"Apple-converted-space\"> <\/span><\/li><li>Marketing- und Umfrageplattformen \u2013 um Newsletter und Werbeaktionen zu verteilen und G\u00e4stefeedback zu sammeln.<span class=\"Apple-converted-space\"> <\/span><\/li><li>Sicherheits- und Zutrittskontrollunternehmen \u2013 f\u00fcr die Wartung von CCTV-\u00dcberwachung, Alarmsystemen und physischer Zugangskontrolle.<span class=\"Apple-converted-space\"> <\/span><\/li><li>Buchhaltungs-, Wirtschaftspr\u00fcfungs- und Lohnbuchhaltungsdienstleister \u2013 um Finanzberichte zu erstellen, Geh\u00e4lter zu bearbeiten und steuerliche Meldepflichten zu erf\u00fcllen.<span class=\"Apple-converted-space\"> <\/span><\/li><li>Rechtsberater, Notare, Gerichtsvollzieher, Inkassob\u00fcros und Streitbeilegungsstellen \u2013 zur Einholung von Rechtsberatung, zur Durchsetzung vertraglicher Rechte, zur Pr\u00fcfung von Aufzeichnungen und zur Beilegung von Forderungen.<\/li><li>Rekrutierungstechnologie- und Personalberatungsunternehmen \u2013 um Bewerber-Tracking-Systeme zu hosten, F\u00e4higkeiten oder psychometrische Tests durchzuf\u00fchren, Hintergrund-\/Referenzpr\u00fcfungen durchzuf\u00fchren (mit Ihrer Zustimmung) und administrative Unterst\u00fctzung f\u00fcr unsere HR-Prozesse zu leisten.<span class=\"Apple-converted-space\"> <\/span><\/li><li>Analyse- und Business-Intelligence-Plattformen \u2013 um Betriebsdaten zu analysieren und unsere Dienstleistungen zu verbessern.<span class=\"Apple-converted-space\"> <\/span><\/li><li>Potenzielle oder tats\u00e4chliche Erwerber unseres Unternehmens (oder eines Teils davon) und ihre autorisierten Berater \u2013 zur Durchf\u00fchrung von Due-Diligence-Pr\u00fcfungen und zur Erleichterung von Unternehmenstransaktionen.<span class=\"Apple-converted-space\"> <\/span><\/li><li>Beh\u00f6rden, Strafverfolgungsbeh\u00f6rden, Aufsichtsorgane und Gerichte \u2013 zur Erf\u00fcllung gesetzlicher Anforderungen und zur Beantwortung rechtm\u00e4\u00dfiger Auskunftsersuchen.<\/li><\/ul><p>Jeder Empf\u00e4nger erh\u00e4lt nur die Daten, die f\u00fcr seine Aufgabe unbedingt erforderlich sind, verarbeitet sie ausschlie\u00dflich nach unseren dokumentierten Weisungen und ist nach geltendem Recht und unseren Auftragsverarbeitungsvertr\u00e4gen zur Vertraulichkeit und zum Datenschutz verpflichtet.  <\/p><p>Wir verkaufen, vermieten oder monetarisieren Ihre personenbezogenen Daten nicht zu irgendeinem Zweck an Dritte; Wir verwenden und teilen sie nur wie in dieser Richtlinie beschrieben, um unsere Dienstleistungen zu erbringen, gesetzliche Verpflichtungen zu erf\u00fcllen und unsere berechtigten Interessen zu sch\u00fctzen.<span class=\"Apple-converted-space\"> <\/span><\/p><h3><b>Welche Rechte haben Sie und wie k\u00f6nnen Sie sie nutzen?<span class=\"Apple-converted-space\"> <\/span><\/b><\/h3><p>Bitte beachten Sie, dass Sie bei der Aus\u00fcbung eines der unten aufgef\u00fchrten Rechte aufgefordert werden k\u00f6nnen, zus\u00e4tzliche Informationen zu Identifikationszwecken anzugeben. Diese zus\u00e4tzlichen Informationen d\u00fcrfen nicht f\u00fcr andere Zwecke verwendet werden. Ohne die Best\u00e4tigung, dass Sie tats\u00e4chlich die Person sind, deren personenbezogene Daten verarbeitet werden, k\u00f6nnen wir Ihre Rechte m\u00f6glicherweise nicht erf\u00fcllen.  <span class=\"Apple-converted-space\"> <\/span><\/p><p>Wir k\u00f6nnen uns auch weigern, auf Ihre Anfrage zur Aus\u00fcbung dieser Rechte zu reagieren &#8211; oder eine angemessene Geb\u00fchr zu erheben -, wenn Ihre Anfrage offensichtlich unbegr\u00fcndet oder \u00fcbertrieben ist, oder in anderen F\u00e4llen, die nach geltendem Recht zul\u00e4ssig sind.<span class=\"Apple-converted-space\"> <\/span><\/p><p><b>Entscheiden Sie sich daf\u00fcr, Ihre Daten nicht bereitzustellen<span class=\"Apple-converted-space\"> <\/span><\/b><\/p><p>Wenn Sie bestimmte Daten zur\u00fcckhalten, stehen Ihnen einige Funktionen unserer Websites und anderer Dienste m\u00f6glicherweise nicht vollst\u00e4ndig zur Verf\u00fcgung (z. B. k\u00f6nnen wir Ihre Buchungen ohne die erforderlichen Details nicht bearbeiten).<span class=\"Apple-converted-space\"> <\/span><\/p><p><b>Greifen Sie auf Ihre Daten zu<span class=\"Apple-converted-space\"> <\/span><\/b><\/p><p>Sie k\u00f6nnen Zugang zu Ihren personenbezogenen Daten oder Kopien davon verlangen, auch Informationen dar\u00fcber, wie wir sie verarbeiten und weitergeben. Senden Sie eine E-Mail info@lunvio.com. <span class=\"Apple-converted-space\"> <\/span><\/p><p><b>Korrigieren, aktualisieren oder l\u00f6schen Sie Ihre Daten<span class=\"Apple-converted-space\"> <\/span><\/b><\/p><p>Sie k\u00f6nnen die Berichtigung, Vervollst\u00e4ndigung, Einschr\u00e4nkung oder L\u00f6schung Ihrer personenbezogenen Daten verlangen, wenn sie ungenau, unn\u00f6tig oder veraltet sind. Senden Sie eine E-Mail info@lunvio.com. <span class=\"Apple-converted-space\"> <\/span><\/p><p><b>Abmeldung vom Marketing<span class=\"Apple-converted-space\"> <\/span><\/b><\/p><p>Jede Marketingnachricht, die wir senden, enth\u00e4lt einen Abmeldelink. Sie k\u00f6nnen Ihre Einwilligung zum Direktmarketing jederzeit widerrufen. Wenn Sie dies tun, werden wir unsere Datenbanken umgehend aktualisieren und Ihnen kein weiteres Direktmarketing zusenden, aber wir k\u00f6nnen Sie weiterhin kontaktieren, soweit dies f\u00fcr die Zwecke der von Ihnen angeforderten Produkte oder Dienstleistungen erforderlich ist.  <span class=\"Apple-converted-space\"> <\/span><\/p><p><b>Widerspruch gegen die Verarbeitung oder Einschr\u00e4nkung der Verarbeitung<span class=\"Apple-converted-space\"> <\/span><\/b><\/p><p>Soweit wir Ihre personenbezogenen Daten auf Grundlage unserer berechtigten Interessen verarbeiten (Art. 6 Abs. 1 lit. f DSGVO), haben Sie das Recht, aus Gr\u00fcnden, die sich aus Ihrer besonderen Situation ergeben, jederzeit gegen diese Verarbeitung Widerspruch einzulegen. Wenn Sie der Meinung sind, dass unsere Verarbeitung rechtswidrig ist oder \u00fcber den angegebenen Zweck hinausgeht, k\u00f6nnen Sie auch verlangen, dass wir die weitere Verarbeitung einschr\u00e4nken. Wir werden jeden Einwand oder jede Einschr\u00e4nkung umgehend pr\u00fcfen und Sie \u00fcber das Ergebnis informieren. Senden Sie eine E-Mail info@lunvio.com.   <span class=\"Apple-converted-space\"> <\/span><\/p><p><b>Widerrufen Sie Ihre Einwilligung<span class=\"Apple-converted-space\"> <\/span><\/b><\/p><p>Sie k\u00f6nnen Ihre Einwilligung zur Verarbeitung Ihrer personenbezogenen Daten jederzeit widerrufen. Wenn Ihre Einwilligung widerrufen wird, hindert uns dies nicht daran, Ihre personenbezogenen Daten auf der Grundlage anderer rechtm\u00e4\u00dfiger Grundlagen zu verarbeiten, z. B. f\u00fcr Anforderungen, die nach geltendem Recht f\u00fcr uns gelten. Durch den Widerruf der Einwilligung wird die Rechtm\u00e4\u00dfigkeit der vor dem Widerruf erfolgten Verarbeitung nicht ber\u00fchrt.  <span class=\"Apple-converted-space\"> <\/span><\/p><p><b>Daten\u00fcbertragbarkeit<span class=\"Apple-converted-space\"> <\/span><\/b><\/p><p>Sie haben das Recht auf Daten\u00fcbertragbarkeit, was bedeutet, dass Sie Ihre personenbezogenen Daten in einem strukturierten, g\u00e4ngigen und maschinenlesbaren Format an einen anderen Verantwortlichen \u00fcbermitteln lassen, soweit dies anwendbar ist.<span class=\"Apple-converted-space\"> <\/span><\/p><p><b>Eine Beschwerde einreichen<span class=\"Apple-converted-space\"> <\/span><\/b><\/p><p>Wenn Sie der Meinung sind, dass unsere Verarbeitung Ihre Rechte verletzt, k\u00f6nnen Sie eine Beschwerde beim B\u00fcro des Datenschutzbeauftragten einreichen: https:\/\/tietosuoja.fi\/en\/home.<span class=\"Apple-converted-space\"> <\/span><\/p><h3><b>Wie sch\u00fctzen wir Ihre personenbezogenen Daten?<\/b><\/h3><p>Wir haben geeignete technische und organisatorische Ma\u00dfnahmen ergriffen, um Ihre personenbezogenen Daten vor versehentlicher oder unrechtm\u00e4\u00dfiger Zerst\u00f6rung, Verlust, \u00c4nderung, unbefugter Offenlegung oder unbefugtem Zugriff zu sch\u00fctzen. Zu den Sicherheitsvorkehrungen geh\u00f6ren beispielsweise der Firewall-Schutz unserer Systeme und die Aufbewahrung physischer Dokumente in verschlossenen R\u00e4umlichkeiten. <span class=\"Apple-converted-space\"> <\/span><\/p><h3> <\/h3><h3><b>Automatisierte Entscheidungsfindung<\/b><\/h3><p>Wir verwenden keine automatisierten Entscheidungen oder Profiling, die rechtliche oder \u00e4hnlich signifikante Auswirkungen haben, wie z. B. die automatisierte Ablehnung von Bewerbungen oder die dynamische Preisgestaltung ausschlie\u00dflich per Algorithmus.<span class=\"Apple-converted-space\"> <\/span><\/p><h3> <\/h3><h3><b>Verarbeiten wir personenbezogene Daten von Kindern?<\/b><\/h3><p>Unsere Dienstleistungen und unsere Website richten sich an Erwachsene (18+). Wir sammeln nicht wissentlich Daten von Kindern und werden diese Daten l\u00f6schen, wenn sie entdeckt werden. <span class=\"Apple-converted-space\"> <\/span><\/p><h3> <\/h3><h3><b>\u00dcbermitteln wir Ihre Daten au\u00dferhalb der EU\/des EWR?<\/b><\/h3><p>Wir speichern alle personenbezogenen Daten auf Servern, die sich in der EU\/EWR befinden, und \u00fcbertragen sie nicht au\u00dferhalb dieses Gebiets. Sollte jemals ein technischer Fernsupport aus einem Nicht-EWR-Land erforderlich sein, erfolgt eine solche \u00dcbertragung nur im Rahmen der Standardvertragsklauseln der EU-Kommission oder einer anderen rechtm\u00e4\u00dfigen Schutzma\u00dfnahme. <span class=\"Apple-converted-space\"> <\/span><\/p><p><b>Ben\u00f6tigen Sie weitere Informationen?<span class=\"Apple-converted-space\"> <\/span><\/b><\/p><p>Bitte kontaktieren Sie info@lunvio.com oder schreiben Sie an Lappi Cabins Oy, Korpijoentie 575, 99550 Aska, Finnland. Wir freuen uns, jeden Punkt in dieser Richtlinie klarzustellen. <span class=\"Apple-converted-space\"> <\/span><\/p><p><\/p>\t\t\t\t\t\t\t\t<\/div>\n\t\t\t\t<\/div>\n\t\t\t\t\t<\/div>\n\t\t\t\t<\/div>\n\t\t\t\t<\/div>\n\t\t","protected":false},"excerpt":{"rendered":"<p>Datenschutz Diese Datenschutz wurde zuletzt am 15. Juli 2025 aktualisiert. In dieser Datenschutz wird erl\u00e4utert, wie LAPPI CABINS OY (&#8222;wir&#8220; oder der &#8222;Verantwortliche&#8220;) Ihre personenbezogenen Daten verarbeitet, die Zwecke dieser Verarbeitung, die Empf\u00e4nger der Daten, Ihre Rechte und andere relevante Bedingungen. LAPPI CABINS OY (juristische Person Code 3449368-3, Korpijoentie 575, 99870 Aska, Finnland; Tel. +370 [&hellip;]<\/p>\n","protected":false},"author":1,"featured_media":0,"parent":0,"menu_order":0,"comment_status":"closed","ping_status":"open","template":"","meta":{"_acf_changed":false,"footnotes":""},"class_list":["post-1668","page","type-page","status-publish","hentry"],"acf":[],"_links":{"self":[{"href":"https:\/\/noavillas.fi\/de\/wp-json\/wp\/v2\/pages\/1668","targetHints":{"allow":["GET"]}}],"collection":[{"href":"https:\/\/noavillas.fi\/de\/wp-json\/wp\/v2\/pages"}],"about":[{"href":"https:\/\/noavillas.fi\/de\/wp-json\/wp\/v2\/types\/page"}],"author":[{"embeddable":true,"href":"https:\/\/noavillas.fi\/de\/wp-json\/wp\/v2\/users\/1"}],"replies":[{"embeddable":true,"href":"https:\/\/noavillas.fi\/de\/wp-json\/wp\/v2\/comments?post=1668"}],"version-history":[{"count":11,"href":"https:\/\/noavillas.fi\/de\/wp-json\/wp\/v2\/pages\/1668\/revisions"}],"predecessor-version":[{"id":1921,"href":"https:\/\/noavillas.fi\/de\/wp-json\/wp\/v2\/pages\/1668\/revisions\/1921"}],"wp:attachment":[{"href":"https:\/\/noavillas.fi\/de\/wp-json\/wp\/v2\/media?parent=1668"}],"curies":[{"name":"wp","href":"https:\/\/api.w.org\/{rel}","templated":true}]}}